{"id":92,"date":"2018-06-01T07:08:48","date_gmt":"2018-06-01T05:08:48","guid":{"rendered":"http:\/\/2018.snejbjergsgi.dk\/aktiv-samvaer\/?page_id=92"},"modified":"2026-04-10T09:20:26","modified_gmt":"2026-04-10T07:20:26","slug":"tilmelding-aarsprogram","status":"publish","type":"page","link":"https:\/\/snejbjergsgi.dk\/aktiv-samvaer\/tilmelding-aarsprogram\/","title":{"rendered":"Tilmelding\/\u00c5rsprogram"},"content":{"rendered":"<p><strong>Deltagelse i vore arrangementer &#8211; kr\u00e6ver udover medlemskab af vor forening &#8211; en tilmelding til det enkelte arrangement.<\/strong><\/p>\n<p><strong>Da e<\/strong>n r\u00e6kke af vore arrangementer har et maksimum antal deltagere har vi fastlagt nogle tilmeldingsregler:<\/p>\n<p>1) tilmelding til f\u00f8rste og andet arrangement kan tidligst ske den 15. juli 2025<\/p>\n<p>2) tilmelding til de f\u00f8lgende arrangementer kan ske ved et arrangement til de f\u00f8lgende 2 arrangementer<\/p>\n<p>3) dagen efter et arrangement \u00e5bnes for telefonisk tilmelding og tilmelding via hjemmesiden til n\u00e6ste 2 arrangementer<\/p>\n<p>4) der oprettes venteliste n\u00e5r maks antallet er n\u00e5et &#8211; derfor hvis du er tilmeldt og bliver forhindret s\u00e5 meld hurtigst mulig afbud, s\u00e5 en p\u00e5 ventelisten kan tilbydes pladsen<\/p>\n<p>5) Bem\u00e6rk en tilmelding er bindende n\u00e5r tilmeldingsfristen er udl\u00f8bet. Dvs ved afbud efter tilmeldingsfristens udl\u00f8b skal der fortsat betales for arrangementet<\/p>\n<p><strong>Telefonisk tilmelding og evt. afbud:<br \/>K<\/strong><strong>irsten\u00a0<\/strong>tlf.<strong>\u00a06087 8101 eller\u00a0Thyge Lindberg\u00a0<\/strong>tlf.<strong>\u00a06085 6408<\/strong><\/p>\n<p>Online tilmelding\u00a0sker via<strong> klik p\u00e5 dato<\/strong> i nedenst\u00e5ende tabel<strong>\u00a0&#8211; det er kun muligt n\u00e5r den er \u00e5ben (markeret med anden tekstfarve)<\/strong><\/p>\n<table style=\"border-collapse: collapse\" border=\"1\">\n<tbody>\n<tr>\n<td>Aktivitetsdato<\/td>\n<td>\n<p>Aktivitet s\u00e6son 2025-2026<\/p>\n<p><strong>Klik p\u00e5 de enkelte arr. og se mere<\/strong><\/p>\n<\/td>\n<td>\u00e5ben for\u00a0tlf. og<br \/><strong>online-<br \/>tilmelding fra:<\/strong><\/td>\n<td>sidste\n<p>frist<\/p>\n<\/td>\n<td>Max<br \/>antal<\/td>\n<\/tr>\n<tr>\n<td>\n<h5>ons 20.08.25\u00a0 kl.18:00\u00a0<\/h5>\n<\/td>\n<td><a href=\"https:\/\/snejbjergsgi.dk\/aktiv-samvaer\/sinding-fritidscenter\/\"><strong>Sinding Fritidscenter. G\u00e6st Metaledetektiven Peder Laursen<\/strong><\/a><\/td>\n<td><strong>\u00a0 15.07.25<\/strong><\/td>\n<td>\u00a013.08.25<\/td>\n<td>\u00a0<\/td>\n<\/tr>\n<tr>\n<td>\n<h5>ti 09.09.25 kl.08:00<\/h5>\n<\/td>\n<td><a href=\"https:\/\/snejbjergsgi.dk\/aktiv-samvaer\/bustur-til-mariager-fjord\/\"><b>Bustur til Mariager Fjord<\/b><\/a><\/td>\n<td><strong>\u00a0 15.07.25<\/strong><\/td>\n<td>\u00a002.09.25<\/td>\n<td style=\"text-align: center\"><strong>79<\/strong><\/td>\n<\/tr>\n<tr>\n<td>\n<h5><b>ti<\/b> 21.10.25 kl. 13:00<\/h5>\n<\/td>\n<td>\n<p style=\"text-align: left\"><a href=\"https:\/\/snejbjergsgi.dk\/aktiv-samvaer\/brunsgaard-a-s\/\"><strong>Brunsgaard A\/S, Snejbjerg<\/strong><\/a><\/p>\n<\/td>\n<td>\u00a0 <strong>21.08.25<\/strong><\/td>\n<td>14.10.25<\/td>\n<td style=\"text-align: center\"><strong>90<\/strong><\/td>\n<\/tr>\n<tr>\n<td>\n<h5><strong>man<\/strong> 01.12.25 kl. 18:00<\/h5>\n<\/td>\n<td><a href=\"https:\/\/snejbjergsgi.dk\/aktiv-samvaer\/jul-i-kirkely\/\"><strong>&#8220;Juleaften&#8221; i Kirkely &#8211; g\u00e6st Ole Tang<\/strong><\/a><\/td>\n<td><strong>\u00a0 10.09.25<\/strong><\/td>\n<td>24.11.25<\/td>\n<td style=\"text-align: center\"><strong>128<\/strong><\/td>\n<\/tr>\n<tr>\n<td><strong>2026<\/strong><\/td>\n<td>\u00a0<\/td>\n<td>\u00a0<\/td>\n<td>\u00a0<\/td>\n<td>\u00a0<\/td>\n<\/tr>\n<tr>\n<td>\n<h5>ti. 20.01.26 kl. 19:30<\/h5>\n<\/td>\n<td><a href=\"https:\/\/snejbjergsgi.dk\/aktiv-samvaer\/ronnie-flyvbjerg\/\"><b>Ronni Flyvbjerg &#8211; Mit liv med musikken<\/b><\/a><\/td>\n<td><strong>\u00a0 22.10.25<\/strong><\/td>\n<td>\u00a013.01.26<\/td>\n<td>\u00a0\u00a0<\/td>\n<\/tr>\n<tr>\n<td>\n<h5>ti. 17.02.26<br \/>kl. 13:00<\/h5>\n<\/td>\n<td><a href=\"https:\/\/snejbjergsgi.dk\/aktiv-samvaer\/herningholm-erhvervsskole-og-gymnasium\/\"><strong>Herningholm Erhvervsskole<\/strong><\/a><\/td>\n<td>\u00a002<strong>.12.25<\/strong><\/td>\n<td>\u00a010.02.26<\/td>\n<td style=\"text-align: center\">\n<p><del>\u00a0 <strong>80<\/strong><\/del><\/p>\n<p>100<\/p>\n<\/td>\n<\/tr>\n<tr>\n<td>\n<h5>ti. 17.03.26 kl. 14\/16:00<\/h5>\n<\/td>\n<td><a href=\"https:\/\/snejbjergsgi.dk\/aktiv-samvaer\/mbt-sko\/\"><b>MBT Sko, Skjern 2 hold<\/b><\/a><\/td>\n<td>\u00a0 21<strong>.01.26<\/strong><\/td>\n<td>\u00a010.03.26<\/td>\n<td style=\"text-align: center\"><strong>2&#215;30<\/strong><\/td>\n<\/tr>\n<tr>\n<td>\n<h5>ti. 14.04.26 Kl. 19:00<\/h5>\n<\/td>\n<td>\n<p style=\"text-align: left\"><a href=\"https:\/\/snejbjergsgi.dk\/aktiv-samvaer\/aarsmoede-jesper-groenkjaer\/\"><b>\u00c5rsm\u00f8de &#8211; g\u00e6st Jesper Gr\u00f8nkj\u00e6r<\/b><\/a><\/p>\n<\/td>\n<td>\n<p><strong>\u00a0 18.02.26<\/strong><\/p>\n<\/td>\n<td>\n<p>07.04.26<\/p>\n<\/td>\n<td>\u00a0\u00a0<\/td>\n<\/tr>\n<\/tbody>\n<\/table>\n\n\n<p>&nbsp;<\/p>\n\n\n\n<p><\/p>\n","protected":false},"excerpt":{"rendered":"<p>Deltagelse i vore arrangementer &#8211; kr\u00e6ver udover medlemskab af vor forening &#8211; en tilmelding til det enkelte arrangement. Da en r\u00e6kke af vore arrangementer har et maksimum antal deltagere har vi fastlagt nogle tilmeldingsregler: 1) tilmelding til f\u00f8rste og andet arrangement kan tidligst ske den 15. juli 2025 2) tilmelding til de f\u00f8lgende arrangementer kan [&hellip;]<\/p>\n","protected":false},"author":3,"featured_media":0,"parent":0,"menu_order":0,"comment_status":"closed","ping_status":"closed","template":"","meta":{"footnotes":""},"class_list":["post-92","page","type-page","status-publish","hentry","post"],"_links":{"self":[{"href":"https:\/\/snejbjergsgi.dk\/aktiv-samvaer\/wp-json\/wp\/v2\/pages\/92","targetHints":{"allow":["GET"]}}],"collection":[{"href":"https:\/\/snejbjergsgi.dk\/aktiv-samvaer\/wp-json\/wp\/v2\/pages"}],"about":[{"href":"https:\/\/snejbjergsgi.dk\/aktiv-samvaer\/wp-json\/wp\/v2\/types\/page"}],"author":[{"embeddable":true,"href":"https:\/\/snejbjergsgi.dk\/aktiv-samvaer\/wp-json\/wp\/v2\/users\/3"}],"replies":[{"embeddable":true,"href":"https:\/\/snejbjergsgi.dk\/aktiv-samvaer\/wp-json\/wp\/v2\/comments?post=92"}],"version-history":[{"count":240,"href":"https:\/\/snejbjergsgi.dk\/aktiv-samvaer\/wp-json\/wp\/v2\/pages\/92\/revisions"}],"predecessor-version":[{"id":62053,"href":"https:\/\/snejbjergsgi.dk\/aktiv-samvaer\/wp-json\/wp\/v2\/pages\/92\/revisions\/62053"}],"wp:attachment":[{"href":"https:\/\/snejbjergsgi.dk\/aktiv-samvaer\/wp-json\/wp\/v2\/media?parent=92"}],"curies":[{"name":"wp","href":"https:\/\/api.w.org\/{rel}","templated":true}]}}