{"id":61927,"date":"2025-07-12T08:32:58","date_gmt":"2025-07-12T06:32:58","guid":{"rendered":"https:\/\/snejbjergsgi.dk\/aktiv-samvaer\/?page_id=61927"},"modified":"2025-07-12T08:33:23","modified_gmt":"2025-07-12T06:33:23","slug":"jul-i-kirkely","status":"publish","type":"page","link":"https:\/\/snejbjergsgi.dk\/aktiv-samvaer\/jul-i-kirkely\/","title":{"rendered":"Jul i Kirkely"},"content":{"rendered":"<p><strong>Mandag<\/strong> d. 1. december kl. 18:00<br \/>\nPris: 200 kr. for mad og underholdning. Maks. 128 medlemmer<br \/>\n\u00d8l, vin og vand kan k\u00f8bes<br \/>\nTilmelding: online og tlf. fra 10. september &#8211; senest 24. november<br \/>\nVi starter som s\u00e6dvanlig med fl\u00e6skesteg m. spr\u00f8d sv\u00e6r, r\u00f8dk\u00e5l, hvide og brune kartofler og chips. Til dessert ris a la mande<br \/>\nmed tilh\u00f8rende mandelgaver.<br \/>\nVi f\u00e5r bes\u00f8g af <strong>Ole Tang. <\/strong>Journalist, foredragsholder, fodbolddommer, fritidsfisker, folkedanser, festsangskriver mv.<\/p>\n<div id=\"attachment_61928\" style=\"width: 310px\" class=\"wp-caption alignleft\"><img loading=\"lazy\" decoding=\"async\" aria-describedby=\"caption-attachment-61928\" class=\"size-medium wp-image-61928\" src=\"https:\/\/snejbjergsgi.dk\/aktiv-samvaer\/wp-content\/uploads\/sites\/2\/2025\/07\/Ole-Tang-300x225.jpg\" alt=\"\" width=\"300\" height=\"225\" srcset=\"https:\/\/snejbjergsgi.dk\/aktiv-samvaer\/wp-content\/uploads\/sites\/2\/2025\/07\/Ole-Tang-300x225.jpg 300w, https:\/\/snejbjergsgi.dk\/aktiv-samvaer\/wp-content\/uploads\/sites\/2\/2025\/07\/Ole-Tang.jpg 768w\" sizes=\"auto, (max-width: 300px) 100vw, 300px\" \/><p id=\"caption-attachment-61928\" class=\"wp-caption-text\">Ole Tang<\/p><\/div>\n<p>Ole Tang har udgangspunkt fra det vestjyske, og med skolegang i bl.a. Hvide Sande. Det har over de<br \/>\nsidste 20 \u00e5r givet anledning til en r\u00e6kke artikler som gennem de humoristiske briller kigger p\u00e5 de lokale vestjyske originaler og historier, som han har samlet op p\u00e5 sin vej. Historierne har efterf\u00f8lgende givet mange indbydelser til foreninger i hele det midt- og vestjyske omr\u00e5de &#8211; og der er tale om almene historie &#8211; a la &#8220;Lune jyder&#8221;, men med navn og adresse p\u00e5, og alle opsamlet i omr\u00e5det vest for Ringk\u00f8bing.<\/p>\n<p>Udgangspunktet er, at tilh\u00f8rerne skal v\u00e6re i bedre hum\u00f8r, n\u00e5r foredraget slutter, end da det begyndte &#8211; og det lykkes som regel.<br \/>\nOle Tangs mor, der hed Ragna Tang, var kendt i det meste af landet, ikke mindst p\u00e5 Herning-egnen, som en livsprudlende folkedanseleder gennem mere end 60 \u00e5r.<\/p>\n<p>&nbsp;<\/p>\n<p>Grethe Christiansen kommer og spiller til vore julesange.<\/p>\n","protected":false},"excerpt":{"rendered":"<p>Mandag d. 1. december kl. 18:00 Pris: 200 kr. for mad og underholdning. Maks. 128 medlemmer \u00d8l, vin og vand kan k\u00f8bes Tilmelding: online og tlf. fra 10. september &#8211; senest 24. november Vi starter som s\u00e6dvanlig med fl\u00e6skesteg m. spr\u00f8d sv\u00e6r, r\u00f8dk\u00e5l, hvide og brune kartofler og chips. Til dessert ris a la mande [&hellip;]<\/p>\n","protected":false},"author":3,"featured_media":0,"parent":0,"menu_order":0,"comment_status":"closed","ping_status":"closed","template":"","meta":{"footnotes":""},"class_list":["post-61927","page","type-page","status-publish","hentry","post"],"_links":{"self":[{"href":"https:\/\/snejbjergsgi.dk\/aktiv-samvaer\/wp-json\/wp\/v2\/pages\/61927","targetHints":{"allow":["GET"]}}],"collection":[{"href":"https:\/\/snejbjergsgi.dk\/aktiv-samvaer\/wp-json\/wp\/v2\/pages"}],"about":[{"href":"https:\/\/snejbjergsgi.dk\/aktiv-samvaer\/wp-json\/wp\/v2\/types\/page"}],"author":[{"embeddable":true,"href":"https:\/\/snejbjergsgi.dk\/aktiv-samvaer\/wp-json\/wp\/v2\/users\/3"}],"replies":[{"embeddable":true,"href":"https:\/\/snejbjergsgi.dk\/aktiv-samvaer\/wp-json\/wp\/v2\/comments?post=61927"}],"version-history":[{"count":1,"href":"https:\/\/snejbjergsgi.dk\/aktiv-samvaer\/wp-json\/wp\/v2\/pages\/61927\/revisions"}],"predecessor-version":[{"id":61929,"href":"https:\/\/snejbjergsgi.dk\/aktiv-samvaer\/wp-json\/wp\/v2\/pages\/61927\/revisions\/61929"}],"wp:attachment":[{"href":"https:\/\/snejbjergsgi.dk\/aktiv-samvaer\/wp-json\/wp\/v2\/media?parent=61927"}],"curies":[{"name":"wp","href":"https:\/\/api.w.org\/{rel}","templated":true}]}}